{"id":5023,"date":"2024-05-19T14:01:08","date_gmt":"2024-05-19T14:01:08","guid":{"rendered":"https:\/\/www.frenchtechberlin.com\/rassemblement-de-la-french-tech-en-europe\/"},"modified":"2024-05-19T14:03:58","modified_gmt":"2024-05-19T14:03:58","slug":"rassemblement-de-la-french-tech-en-europe","status":"publish","type":"page","link":"https:\/\/www.frenchtechberlin.com\/fr\/rassemblement-de-la-french-tech-en-europe\/","title":{"rendered":"Rassemblement de La French Tech en Europe"},"content":{"rendered":"\n<div class=\"wp-block-uagb-image uagb-block-8f4c036c wp-block-uagb-image--layout-default wp-block-uagb-image--effect-static wp-block-uagb-image--align-none\"><figure class=\"wp-block-uagb-image__figure\"><img decoding=\"async\" srcset=\"https:\/\/www.frenchtechberlin.com\/wp-content\/uploads\/2024\/05\/french-tech-communities-in-europe.jpeg ,https:\/\/www.frenchtechberlin.com\/wp-content\/uploads\/2024\/05\/french-tech-communities-in-europe.jpeg 780w, https:\/\/www.frenchtechberlin.com\/wp-content\/uploads\/2024\/05\/french-tech-communities-in-europe.jpeg 360w\" sizes=\"auto, (max-width: 480px) 150px\" src=\"https:\/\/www.frenchtechberlin.com\/wp-content\/uploads\/2024\/05\/french-tech-communities-in-europe.jpeg\" alt=\"\" class=\"uag-image-5018\" width=\"940\" height=\"470\" title=\"french-tech-communities-in-europe\" loading=\"lazy\" role=\"img\"\/><\/figure><\/div>\n\n<p>Ev\u00e9nement sp\u00e9cial pendant Vivatech par les Communaut\u00e9s Technologiques Fran\u00e7aises en Europe !<br\/><br\/>Le deuxi\u00e8me jour de <a href=\"https:\/\/www.linkedin.com\/company\/viva-technology\/\">Viva Technology<\/a>, les membres du conseil d&#8217;administration des communaut\u00e9s technologiques fran\u00e7aises en Europe vous invitent \u00e0 un \u00e9v\u00e9nement de r\u00e9seautage tr\u00e8s sp\u00e9cial. Ce sera l&#8217;occasion pour les communaut\u00e9s europ\u00e9ennes de la French Tech de se r\u00e9unir et d&#8217;apprendre \u00e0 mieux se conna\u00eetre !<br\/><br\/>C&#8217;est le moment id\u00e9al pour r\u00e9seauter avec les communaut\u00e9s French Tech en Europe, avec Amsterdam, Barcelone, Belgrade, Berlin, Bruxelles, Bucarest, Dublin, D\u00fcsseldorf, Istanbul, Italie, Cracovie, Kiev, Lisbonne, Londres, Madrid, Munich, les pays nordiques et la Suisse !<br\/><br\/>Quand : Jeudi 23 mai<br\/>Heure : 18h00 &#8211; 21h00<br\/>Lieu : Campus de <a href=\"https:\/\/www.linkedin.com\/company\/neoma-business-school\/\">Neoma Business School<\/a> \u00e0 Paris<br\/><br\/>Si vous \u00eates membre d&#8217;une communaut\u00e9 technologique fran\u00e7aise en Europe, rejoignez-nous pour un \u00e9v\u00e9nement de r\u00e9seautage unique sur les meilleures fa\u00e7ons de se d\u00e9velopper en Europe.  <\/p>\n\n<p>Inscrivez-vous d\u00e8s aujourd&#8217;hui :  <\/p>\n\n<p><a href=\"https:\/\/www.eventbrite.com\/e\/la-french-tech-in-europe-gathering-tickets-848614668317\">https:\/\/www.eventbrite.com\/e\/la-french-tech-in-europe-gathering-tickets-848614668317<\/a><br\/><br\/>Nous esp\u00e9rons vous y voir nombreux !<br\/><br\/><a href=\"https:\/\/www.linkedin.com\/company\/la-french-tech\/\">La French Tech<\/a> <a href=\"https:\/\/www.linkedin.com\/company\/frenchtechamsterdam\/\">French Tech Amsterdam<\/a> <a href=\"https:\/\/www.linkedin.com\/company\/la-french-tech-italy\/\">La French Tech Italie<\/a> <a href=\"https:\/\/www.linkedin.com\/company\/french-tech-london\/\">La French Tech Londres<\/a> <a href=\"https:\/\/www.linkedin.com\/company\/french-tech-berlin\/\">French Tech Berlin<\/a> <a href=\"https:\/\/www.linkedin.com\/company\/la-french-tech-d-sseldorf\/\">La French Tech D\u00fcsseldorf<\/a> <a href=\"https:\/\/www.linkedin.com\/company\/la-french-tech-munich\/\">La French Tech Munich<\/a> <a href=\"https:\/\/www.linkedin.com\/company\/french-tech-istanbul\/\">La French Tech Istanbul<\/a> <a href=\"https:\/\/www.linkedin.com\/company\/french-tech-belgrade\/\">La French Tech Belgrade<\/a> <a href=\"https:\/\/www.linkedin.com\/company\/frenchtech-dublin\/\">La French Tech Dublin<\/a> <a href=\"https:\/\/www.linkedin.com\/company\/la-french-tech-bruxelles\/\">La French Tech Bruxelles<\/a> <a href=\"https:\/\/www.linkedin.com\/company\/french-tech-madrid\/\">French Tech Madrid<\/a> <a href=\"https:\/\/www.linkedin.com\/company\/french-tech-krakow\/\">La French Tech Krakow<\/a> <a href=\"https:\/\/www.linkedin.com\/company\/french-tech-barcelona\/\">French Tech Barcelone<\/a> <a href=\"https:\/\/www.linkedin.com\/company\/french-tech-kyiv\/\">La French Tech Kyiv<\/a> <a href=\"https:\/\/www.linkedin.com\/company\/frenchtechbucharest\/\">French Tech Bucarest<\/a> <a href=\"https:\/\/www.linkedin.com\/company\/frenchtechlisbon\/\">French Tech Lisbonne<\/a> <a href=\"https:\/\/www.linkedin.com\/company\/la-french-tech-nordics\/\">La French Tech Nordics<\/a> <a href=\"https:\/\/www.linkedin.com\/company\/lafrenchtechsuisse\/\">La French Tech Suisse Romande<\/a><br\/><\/p>\n\n<p>Intervenants confirm\u00e9s :<br\/><a href=\"https:\/\/www.linkedin.com\/in\/ACoAAAADBPEBewMWHPFff4-8-CA4tYRG7FTEo8o\"><\/a><a href=\"https:\/\/www.linkedin.com\/in\/patrickamiel\/\">Patrick Amiel<\/a>, fondateur <a href=\"https:\/\/www.linkedin.com\/company\/321founded\/\">321 &#8211; Corporate Startup Studio<\/a><br\/><a href=\"https:\/\/www.linkedin.com\/in\/ACoAAANjxDwB9Jn7Ve0IXZMpQjnjFcf9bK_w7wI\"><\/a><a href=\"https:\/\/www.linkedin.com\/in\/pascalcondamine\/\">Pascal Condamine<\/a>, VP startups <a href=\"https:\/\/www.linkedin.com\/company\/scaleway\/\">Scaleway<\/a><br\/><a href=\"https:\/\/www.linkedin.com\/in\/ACoAAB03Jr4B1Zb9of9Zaqkld-HSrQP4m9GHfPQ\"><\/a><a href=\"https:\/\/www.linkedin.com\/in\/nicolas-proust-8a6199118\/\">NICOLAS PROUST<\/a>, responsable de la strat\u00e9gie de <a href=\"https:\/\/www.linkedin.com\/company\/pasqal\/\">Pasqal<\/a><br\/>Pauline Paquet (directrice des op\u00e9rations) et Nuria Rivaya (responsable de la marque et de la communication), Xange  <\/p>\n\n<p><\/p>\n","protected":false},"excerpt":{"rendered":"<p>Ev\u00e9nement sp\u00e9cial pendant Vivatech par les Communaut\u00e9s Technologiques Fran\u00e7aises en Europe ! Le deuxi\u00e8me jour de Viva Technology, les membres du conseil d&#8217;administration des communaut\u00e9s technologiques fran\u00e7aises en Europe vous invitent \u00e0 un \u00e9v\u00e9nement de r\u00e9seautage tr\u00e8s sp\u00e9cial. Ce sera l&#8217;occasion pour les communaut\u00e9s europ\u00e9ennes de la French Tech de se r\u00e9unir et d&#8217;apprendre \u00e0 [&hellip;]<\/p>\n","protected":false},"author":1,"featured_media":0,"parent":0,"menu_order":0,"comment_status":"closed","ping_status":"closed","template":"","meta":{"_uag_custom_page_level_css":"","site-sidebar-layout":"default","site-content-layout":"","ast-site-content-layout":"","site-content-style":"default","site-sidebar-style":"default","ast-global-header-display":"","ast-banner-title-visibility":"","ast-main-header-display":"","ast-hfb-above-header-display":"","ast-hfb-below-header-display":"","ast-hfb-mobile-header-display":"","site-post-title":"","ast-breadcrumbs-content":"","ast-featured-img":"","footer-sml-layout":"","theme-transparent-header-meta":"","adv-header-id-meta":"","stick-header-meta":"","header-above-stick-meta":"","header-main-stick-meta":"","header-below-stick-meta":"","astra-migrate-meta-layouts":"default","ast-page-background-enabled":"default","ast-page-background-meta":{"desktop":{"background-color":"var(--ast-global-color-4)","background-image":"","background-repeat":"repeat","background-position":"center center","background-size":"auto","background-attachment":"scroll","background-type":"","background-media":"","overlay-type":"","overlay-color":"","overlay-gradient":""},"tablet":{"background-color":"","background-image":"","background-repeat":"repeat","background-position":"center center","background-size":"auto","background-attachment":"scroll","background-type":"","background-media":"","overlay-type":"","overlay-color":"","overlay-gradient":""},"mobile":{"background-color":"","background-image":"","background-repeat":"repeat","background-position":"center center","background-size":"auto","background-attachment":"scroll","background-type":"","background-media":"","overlay-type":"","overlay-color":"","overlay-gradient":""}},"ast-content-background-meta":{"desktop":{"background-color":"var(--ast-global-color-5)","background-image":"","background-repeat":"repeat","background-position":"center center","background-size":"auto","background-attachment":"scroll","background-type":"","background-media":"","overlay-type":"","overlay-color":"","overlay-gradient":""},"tablet":{"background-color":"var(--ast-global-color-5)","background-image":"","background-repeat":"repeat","background-position":"center center","background-size":"auto","background-attachment":"scroll","background-type":"","background-media":"","overlay-type":"","overlay-color":"","overlay-gradient":""},"mobile":{"background-color":"var(--ast-global-color-5)","background-image":"","background-repeat":"repeat","background-position":"center center","background-size":"auto","background-attachment":"scroll","background-type":"","background-media":"","overlay-type":"","overlay-color":"","overlay-gradient":""}},"footnotes":""},"class_list":["post-5023","page","type-page","status-publish","hentry"],"uagb_featured_image_src":{"full":false,"thumbnail":false,"medium":false,"medium_large":false,"large":false,"1536x1536":false,"2048x2048":false},"uagb_author_info":{"display_name":"admin","author_link":"https:\/\/www.frenchtechberlin.com\/fr\/author\/admin\/"},"uagb_comment_info":0,"uagb_excerpt":"Ev\u00e9nement sp\u00e9cial pendant Vivatech par les Communaut\u00e9s Technologiques Fran\u00e7aises en Europe ! Le deuxi\u00e8me jour de Viva Technology, les membres du conseil d&#8217;administration des communaut\u00e9s technologiques fran\u00e7aises en Europe vous invitent \u00e0 un \u00e9v\u00e9nement de r\u00e9seautage tr\u00e8s sp\u00e9cial. Ce sera l&#8217;occasion pour les communaut\u00e9s europ\u00e9ennes de la French Tech de se r\u00e9unir et d&#8217;apprendre \u00e0\u2026","_links":{"self":[{"href":"https:\/\/www.frenchtechberlin.com\/fr\/wp-json\/wp\/v2\/pages\/5023","targetHints":{"allow":["GET"]}}],"collection":[{"href":"https:\/\/www.frenchtechberlin.com\/fr\/wp-json\/wp\/v2\/pages"}],"about":[{"href":"https:\/\/www.frenchtechberlin.com\/fr\/wp-json\/wp\/v2\/types\/page"}],"author":[{"embeddable":true,"href":"https:\/\/www.frenchtechberlin.com\/fr\/wp-json\/wp\/v2\/users\/1"}],"replies":[{"embeddable":true,"href":"https:\/\/www.frenchtechberlin.com\/fr\/wp-json\/wp\/v2\/comments?post=5023"}],"version-history":[{"count":3,"href":"https:\/\/www.frenchtechberlin.com\/fr\/wp-json\/wp\/v2\/pages\/5023\/revisions"}],"predecessor-version":[{"id":5032,"href":"https:\/\/www.frenchtechberlin.com\/fr\/wp-json\/wp\/v2\/pages\/5023\/revisions\/5032"}],"wp:attachment":[{"href":"https:\/\/www.frenchtechberlin.com\/fr\/wp-json\/wp\/v2\/media?parent=5023"}],"curies":[{"name":"wp","href":"https:\/\/api.w.org\/{rel}","templated":true}]}}